{"id":3883,"date":"2020-01-29T16:40:09","date_gmt":"2020-01-29T15:40:09","guid":{"rendered":"http:\/\/www.fanprojekt-nuernberg.de\/?page_id=3883"},"modified":"2026-08-18T15:34:50","modified_gmt":"2026-08-18T13:34:50","slug":"dsgvo","status":"publish","type":"page","link":"https:\/\/www.fanprojekt-nuernberg.de\/?page_id=3883","title":{"rendered":"Datenschutz"},"content":{"rendered":"<p>[et_pb_section fb_built=&#8220;1&#8243; _builder_version=&#8220;3.22&#8243; custom_padding=&#8220;||0px|||&#8220;][et_pb_row _builder_version=&#8220;3.25&#8243; background_size=&#8220;initial&#8220; background_position=&#8220;top_left&#8220; background_repeat=&#8220;repeat&#8220; custom_padding=&#8220;||26px|||&#8220;][et_pb_column type=&#8220;4_4&#8243; _builder_version=&#8220;3.25&#8243; custom_padding=&#8220;|||&#8220; custom_padding__hover=&#8220;|||&#8220;][et_pb_text _builder_version=&#8220;4.6.6&#8243; _module_preset=&#8220;default&#8220; text_text_color=&#8220;#000000&#8243; text_font_size=&#8220;12px&#8220; text_line_height=&#8220;1.2em&#8220; hover_enabled=&#8220;0&#8243; sticky_enabled=&#8220;0&#8243; custom_padding=&#8220;0px|2px||||&#8220;]<\/p>\n<p class=\"wp-block-heading\"><strong>Datenschutzerkl\u00e4rung<\/strong><\/p>\n<p>Personenbezogene Daten (nachfolgend zumeist nur \u201eDaten\u201c genannt) werden von uns nur im Rahmen der Erforderlichkeit sowie zum Zwecke der Bereitstellung eines funktionsf\u00e4higen und nutzerfreundlichen Internetauftritts, inklusive seiner Inhalte und der dort angebotenen Leistungen, verarbeitet.<\/p>\n<p>Gem\u00e4\u00df<span>\u00a0<\/span><a href=\"http:\/\/dejure.org\/gesetze\/DSGVO\/4.html\" target=\"_blank\" title=\"Art. 4 DSGVO: Begriffsbestimmungen\" rel=\"noopener\">Art. 4 Ziffer 1<\/a>. der Verordnung (EU) 2016\/679, also der Datenschutz-Grundverordnung (nachfolgend nur \u201eDSGVO\u201c genannt), gilt als \u201eVerarbeitung\u201c jeder mit oder ohne Hilfe automatisierter Verfahren ausgef\u00fchrter Vorgang oder jede solche Vorgangsreihe im Zusammenhang mit personenbezogenen Daten, wie das Erheben, das Erfassen, die Organisation, das Ordnen, die Speicherung, die Anpassung oder Ver\u00e4nderung, das Auslesen, das Abfragen, die Verwendung, die Offenlegung durch \u00dcbermittlung, Verbreitung oder eine andere Form der Bereitstellung, den Abgleich oder die Verkn\u00fcpfung, die Einschr\u00e4nkung, das L\u00f6schen oder die Vernichtung.<\/p>\n<p>Mit der nachfolgenden Datenschutzerkl\u00e4rung informieren wir Sie insbesondere \u00fcber Art, Umfang, Zweck, Dauer und Rechtsgrundlage der Verarbeitung personenbezogener Daten, soweit wir entweder allein oder gemeinsam mit anderen \u00fcber die Zwecke und Mittel der Verarbeitung entscheiden. Zudem informieren wir Sie nachfolgend \u00fcber die von uns zu Optimierungszwecken sowie zur Steigerung der Nutzungsqualit\u00e4t eingesetzten Fremdkomponenten, soweit hierdurch Dritte Daten in wiederum eigener Verantwortung verarbeiten.<\/p>\n<p>Unsere Datenschutzerkl\u00e4rung ist wie folgt gegliedert:<\/p>\n<p>I. Informationen \u00fcber uns als Verantwortliche<br \/> II. Rechte der Nutzer und Betroffenen<br \/> III. Informationen zur Datenverarbeitung<\/p>\n<p class=\"wp-block-heading\">I. Informationen \u00fcber uns als Verantwortliche<\/p>\n<p>Verantwortlicher Anbieter dieses Internetauftritts im datenschutzrechtlichen Sinne ist:<\/p>\n<p>Fanprojekt N\u00fcrnberg &#8211; Gesellschaft f\u00fcr sozialvertr\u00e4gliche Innovation und Technologie (XIT) e.V.<br \/> Katzwanger Stra\u00dfe 129<br \/> 90461 N\u00fcrnberg<br \/> Telefon: 0911 24273039<br \/> E-Mail: mail@fanprojekt-nuernberg.de<\/p>\n<p class=\"wp-block-heading\">II. Rechte der Nutzer und Betroffenen<\/p>\n<p>Mit Blick auf die nachfolgend noch n\u00e4her beschriebene Datenverarbeitung haben die Nutzer und Betroffenen das Recht<\/p>\n<ul class=\"wp-block-list\">\n<li>auf Best\u00e4tigung, ob sie betreffende Daten verarbeitet werden, auf Auskunft \u00fcber die verarbeiteten Daten, auf weitere Informationen \u00fcber die Datenverarbeitung sowie auf Kopien der Daten (vgl. auch<span>\u00a0<\/span><a href=\"http:\/\/dejure.org\/gesetze\/DSGVO\/15.html\" target=\"_blank\" title=\"Art. 15 DSGVO: Auskunftsrecht der betroffenen Person\" rel=\"noopener\">Art. 15 DSGVO<\/a>);<\/li>\n<li>auf Berichtigung oder Vervollst\u00e4ndigung unrichtiger bzw. unvollst\u00e4ndiger Daten (vgl. auch<span>\u00a0<\/span><a href=\"http:\/\/dejure.org\/gesetze\/DSGVO\/16.html\" target=\"_blank\" title=\"Art. 16 DSGVO: Recht auf Berichtigung\" rel=\"noopener\">Art. 16 DSGVO<\/a>);<\/li>\n<li>auf unverz\u00fcgliche L\u00f6schung der sie betreffenden Daten (vgl. auch<span>\u00a0<\/span><a href=\"http:\/\/dejure.org\/gesetze\/DSGVO\/17.html\" target=\"_blank\" title=\"Art. 17 DSGVO: Recht auf L\u00f6schung (&quot;Recht auf Vergessenwerden&quot;)\" rel=\"noopener\">Art. 17 DSGVO<\/a>), oder, alternativ, soweit eine weitere Verarbeitung gem\u00e4\u00df<span>\u00a0<\/span><a href=\"http:\/\/dejure.org\/gesetze\/DSGVO\/17.html\" target=\"_blank\" title=\"Art. 17 DSGVO: Recht auf L\u00f6schung (&quot;Recht auf Vergessenwerden&quot;)\" rel=\"noopener\">Art. 17 Abs. 3 DSGVO<\/a><span>\u00a0<\/span>erforderlich ist, auf Einschr\u00e4nkung der Verarbeitung nach Ma\u00dfgabe von<span>\u00a0<\/span><a href=\"http:\/\/dejure.org\/gesetze\/DSGVO\/18.html\" target=\"_blank\" title=\"Art. 18 DSGVO: Recht auf Einschr\u00e4nkung der Verarbeitung\" rel=\"noopener\">Art. 18 DSGVO<\/a>;<\/li>\n<li>auf Erhalt der sie betreffenden und von ihnen bereitgestellten Daten und auf \u00dcbermittlung dieser Daten an andere Anbieter\/Verantwortliche (vgl. auch<span>\u00a0<\/span><a href=\"http:\/\/dejure.org\/gesetze\/DSGVO\/20.html\" target=\"_blank\" title=\"Art. 20 DSGVO: Recht auf Daten\u00fcbertragbarkeit\" rel=\"noopener\">Art. 20 DSGVO<\/a>);<\/li>\n<li>auf Beschwerde gegen\u00fcber der Aufsichtsbeh\u00f6rde, sofern sie der Ansicht sind, dass die sie betreffenden Daten durch den Anbieter unter Versto\u00df gegen datenschutzrechtliche Bestimmungen verarbeitet werden (vgl. auch<span>\u00a0<\/span><a href=\"http:\/\/dejure.org\/gesetze\/DSGVO\/77.html\" target=\"_blank\" title=\"Art. 77 DSGVO: Recht auf Beschwerde bei einer Aufsichtsbeh\u00f6rde\" rel=\"noopener\">Art. 77 DSGVO<\/a>).<\/li>\n<\/ul>\n<p>Dar\u00fcber hinaus ist der Anbieter dazu verpflichtet, alle Empf\u00e4nger, denen gegen\u00fcber Daten durch den Anbieter offengelegt worden sind, \u00fcber jedwede Berichtigung oder L\u00f6schung von Daten oder die Einschr\u00e4nkung der Verarbeitung, die aufgrund der<span>\u00a0<\/span><a href=\"http:\/\/dejure.org\/gesetze\/DSGVO\/16.html\" target=\"_blank\" title=\"Art. 16 DSGVO: Recht auf Berichtigung\" rel=\"noopener\">Artikel 16<\/a>,<span>\u00a0<\/span><a href=\"http:\/\/dejure.org\/gesetze\/DSGVO\/17.html\" target=\"_blank\" title=\"Art. 17 DSGVO: Recht auf L\u00f6schung (&quot;Recht auf Vergessenwerden&quot;)\" rel=\"noopener\">17 Abs. 1<\/a>,<span>\u00a0<\/span><a href=\"http:\/\/dejure.org\/gesetze\/DSGVO\/18.html\" target=\"_blank\" title=\"Art. 18 DSGVO: Recht auf Einschr\u00e4nkung der Verarbeitung\" rel=\"noopener\">18 DSGVO<\/a><span>\u00a0<\/span>erfolgt, zu unterrichten. Diese Verpflichtung besteht jedoch nicht, soweit diese Mitteilung unm\u00f6glich oder mit einem unverh\u00e4ltnism\u00e4\u00dfigen Aufwand verbunden ist. Unbeschadet dessen hat der Nutzer ein Recht auf Auskunft \u00fcber diese Empf\u00e4nger.<\/p>\n<p><strong>Ebenfalls haben die Nutzer und Betroffenen nach\u00a0<a href=\"http:\/\/dejure.org\/gesetze\/DSGVO\/21.html\" target=\"_blank\" title=\"Art. 21 DSGVO: Widerspruchsrecht\" rel=\"noopener\">Art. 21 DSGVO<\/a>\u00a0das Recht auf Widerspruch gegen die k\u00fcnftige Verarbeitung der sie betreffenden Daten, sofern die Daten durch den Anbieter nach Ma\u00dfgabe von\u00a0<a href=\"http:\/\/dejure.org\/gesetze\/DSGVO\/6.html\" target=\"_blank\" title=\"Art. 6 DSGVO: Rechtm\u00e4\u00dfigkeit der Verarbeitung\" rel=\"noopener\">Art. 6 Abs. 1 lit. f) DSGVO<\/a>\u00a0verarbeitet werden. Insbesondere ist ein Widerspruch gegen die Datenverarbeitung zum Zwecke der Direktwerbung statthaft.<\/strong><\/p>\n<p class=\"wp-block-heading\">III. Informationen zur Datenverarbeitung<\/p>\n<p>Ihre bei Nutzung unseres Internetauftritts verarbeiteten Daten werden gel\u00f6scht oder gesperrt, sobald der Zweck der Speicherung entf\u00e4llt, der L\u00f6schung der Daten keine gesetzlichen Aufbewahrungspflichten entgegenstehen und nachfolgend keine anderslautenden Angaben zu einzelnen Verarbeitungsverfahren gemacht werden.<\/p>\n<p class=\"jet-listing-dynamic-field__content\"><strong>Cookies<\/strong><\/p>\n<p>a) Sitzungs-Cookies\/Session-Cookies<\/p>\n<p>Wir verwenden mit unserem Internetauftritt sog. Cookies. Cookies sind kleine Textdateien oder andere Speichertechnologien, die durch den von Ihnen eingesetzten Internet-Browser auf Ihrem Endger\u00e4t ablegt und gespeichert werden. Durch diese Cookies werden im individuellen Umfang bestimmte Informationen von Ihnen, wie beispielsweise Ihre Browser- oder Standortdaten oder Ihre IP-Adresse, verarbeitet.<\/p>\n<p>Durch diese Verarbeitung wird unser Internetauftritt benutzerfreundlicher, effektiver und sicherer, da die Verarbeitung bspw. die Wiedergabe unseres Internetauftritts in unterschiedlichen Sprachen oder das Angebot einer Warenkorbfunktion erm\u00f6glicht.<\/p>\n<p>Rechtsgrundlage dieser Verarbeitung ist Art. 6 Abs. 1 lit b.) DSGVO, sofern diese Cookies Daten zur Vertragsanbahnung oder Vertragsabwicklung verarbeitet werden.<\/p>\n<p>Falls die Verarbeitung nicht der Vertragsanbahnung oder Vertragsabwicklung dient, liegt unser berechtigtes Interesse in der Verbesserung der Funktionalit\u00e4t unseres Internetauftritts. Rechtsgrundlage ist in dann<span>\u00a0<\/span><a href=\"http:\/\/dejure.org\/gesetze\/DSGVO\/6.html\" target=\"_blank\" title=\"Art. 6 DSGVO: Rechtm\u00e4\u00dfigkeit der Verarbeitung\" rel=\"noopener\">Art. 6 Abs. 1 lit. f) DSGVO<\/a>.<\/p>\n<p>Mit Schlie\u00dfen Ihres Internet-Browsers werden diese Session-Cookies gel\u00f6scht.<\/p>\n<p>b) Drittanbieter-Cookies<\/p>\n<p>Gegebenenfalls werden mit unserem Internetauftritt auch Cookies von Partnerunternehmen, mit denen wir zum Zwecke der Werbung, der Analyse oder der Funktionalit\u00e4ten unseres Internetauftritts zusammenarbeiten, verwendet.<\/p>\n<p>Die Einzelheiten hierzu, insbesondere zu den Zwecken und den Rechtsgrundlagen der Verarbeitung solcher Drittanbieter-Cookies, entnehmen Sie bitte den nachfolgenden Informationen.<\/p>\n<p>c) Beseitigungsm\u00f6glichkeit<\/p>\n<p>Sie k\u00f6nnen die Installation der Cookies durch eine Einstellung Ihres Internet-Browsers verhindern oder einschr\u00e4nken. Ebenfalls k\u00f6nnen Sie bereits gespeicherte Cookies jederzeit l\u00f6schen. Die hierf\u00fcr erforderlichen Schritte und Ma\u00dfnahmen h\u00e4ngen jedoch von Ihrem konkret genutzten Internet-Browser ab. Bei Fragen benutzen Sie daher bitte die Hilfefunktion oder Dokumentation Ihres Internet-Browsers oder wenden sich an dessen Hersteller bzw. Support. Bei sog. Flash-Cookies kann die Verarbeitung allerdings nicht \u00fcber die Einstellungen des Browsers unterbunden werden. Stattdessen m\u00fcssen Sie insoweit die Einstellung Ihres Flash-Players \u00e4ndern. Auch die hierf\u00fcr erforderlichen Schritte und Ma\u00dfnahmen h\u00e4ngen von Ihrem konkret genutzten Flash-Player ab. Bei Fragen benutzen Sie daher bitte ebenso die Hilfefunktion oder Dokumentation Ihres Flash-Players oder wenden sich an den Hersteller bzw. Benutzer-Support.<\/p>\n<p>Sollten Sie die Installation der Cookies verhindern oder einschr\u00e4nken, kann dies allerdings dazu f\u00fchren, dass nicht s\u00e4mtliche Funktionen unseres Internetauftritts vollumf\u00e4nglich nutzbar sind.<\/p>\n<p class=\"jet-listing-dynamic-field__content\"><strong>Kontaktanfragen \/ Kontaktm\u00f6glichkei<\/strong>t<\/p>\n<p>Sofern Sie per Kontaktformular oder E-Mail mit uns in Kontakt treten, werden die dabei von Ihnen angegebenen Daten zur Bearbeitung Ihrer Anfrage genutzt. Die Angabe der Daten ist zur Bearbeitung und Beantwortung Ihre Anfrage erforderlich \u2013 ohne deren Bereitstellung k\u00f6nnen wir Ihre Anfrage nicht oder allenfalls eingeschr\u00e4nkt beantworten.<\/p>\n<p>Rechtsgrundlage f\u00fcr diese Verarbeitung ist<span>\u00a0<\/span><a href=\"http:\/\/dejure.org\/gesetze\/DSGVO\/6.html\" target=\"_blank\" title=\"Art. 6 DSGVO: Rechtm\u00e4\u00dfigkeit der Verarbeitung\" rel=\"noopener\">Art. 6 Abs. 1 lit. b) DSGVO<\/a>.<\/p>\n<p>Ihre Daten werden gel\u00f6scht, sofern Ihre Anfrage abschlie\u00dfend beantwortet worden ist und der L\u00f6schung keine gesetzlichen Aufbewahrungspflichten entgegenstehen, wie bspw. bei einer sich etwaig anschlie\u00dfenden Vertragsabwicklung.<\/p>\n<p class=\"jet-listing-dynamic-field__content\"><strong>Serverdaten<\/strong><\/p>\n<p>Aus technischen Gr\u00fcnden, insbesondere zur Gew\u00e4hrleistung eines sicheren und stabilen Internetauftritts, werden Daten durch Ihren Internet-Browser an uns bzw. an unseren Webspace-Provider \u00fcbermittelt. Mit diesen sog. Server-Logfiles werden u.a. Typ und Version Ihres Internetbrowsers, das Betriebssystem, die Website, von der aus Sie auf unseren Internetauftritt gewechselt haben (Referrer URL), die Website(s) unseres Internetauftritts, die Sie besuchen, Datum und Uhrzeit des jeweiligen Zugriffs sowie die IP-Adresse des Internetanschlusses, von dem aus die Nutzung unseres Internetauftritts erfolgt, erhoben.<\/p>\n<p>Diese so erhobenen Daten werden vorr\u00fcbergehend gespeichert, dies jedoch nicht gemeinsam mit anderen Daten von Ihnen.<\/p>\n<p>Diese Speicherung erfolgt auf der Rechtsgrundlage von<span>\u00a0<\/span><a href=\"http:\/\/dejure.org\/gesetze\/DSGVO\/6.html\" target=\"_blank\" title=\"Art. 6 DSGVO: Rechtm\u00e4\u00dfigkeit der Verarbeitung\" rel=\"noopener\">Art. 6 Abs. 1 lit. f) DSGVO<\/a>. Unser berechtigtes Interesse liegt in der Verbesserung, Stabilit\u00e4t, Funktionalit\u00e4t und Sicherheit unseres Internetauftritts.<\/p>\n<p>Die Daten werden sp\u00e4testens nach sieben Tage wieder gel\u00f6scht, soweit keine weitere Aufbewahrung zu Beweiszwecken erforderlich ist. Andernfalls sind die Daten bis zur endg\u00fcltigen Kl\u00e4rung eines Vorfalls ganz oder teilweise von der L\u00f6schung ausgenommen.<\/p>\n<p class=\"jet-listing-dynamic-field__content\"><strong>Facebook<\/strong><\/p>\n<p>Zur Bewerbung unserer Produkte und Leistungen sowie zur Kommunikation mit Interessenten oder Kunden betreiben wir eine Firmenpr\u00e4senz auf der Plattform Facebook.<\/p>\n<p>Auf dieser Social-Media-Plattform sind wir gemeinsam mit der Meta Platforms Ireland Limited, 4 Grand Canal Square, Dublin 2, Irland, verantwortlich.<\/p>\n<p>Der Datenschutzbeauftragte von Facebook kann \u00fcber ein Kontaktformular erreicht werden:<\/p>\n<p><a href=\"https:\/\/www.facebook.com\/help\/contact\/540977946302970\" rel=\"nofollow noopener\" target=\"_blank\">https:\/\/www.facebook.com\/help\/contact\/540977946302970<\/a><\/p>\n<p>Die gemeinsame Verantwortlichkeit haben wir in einer Vereinbarung bez\u00fcglich der jeweiligen Verpflichtungen im Sinne der DSGVO geregelt. Diese Vereinbarung, aus der sich die gegenseitigen Verpflichtungen ergeben, ist unter dem folgenden Link abrufbar:<\/p>\n<p><a href=\"https:\/\/www.facebook.com\/legal\/terms\/page_controller_addendum\" rel=\"nofollow noopener\" target=\"_blank\">https:\/\/www.facebook.com\/legal\/terms\/page_controller_addendum<\/a><\/p>\n<p>Rechtsgrundlage f\u00fcr die dadurch erfolgende und nachfolgend wiedergegebene Verarbeitung von personenbezogenen Daten ist<span>\u00a0<\/span><a href=\"http:\/\/dejure.org\/gesetze\/DSGVO\/6.html\" target=\"_blank\" title=\"Art. 6 DSGVO: Rechtm\u00e4\u00dfigkeit der Verarbeitung\" rel=\"noopener\">Art. 6 Abs. 1 lit. f DSGVO<\/a>. Unser berechtigtes Interesse besteht an der Analyse, der Kommunikation sowie dem Absatz und der Bewerbung unserer Produkte und Leistungen.<\/p>\n<p>Rechtsgrundlage kann auch eine Einwilligung des Nutzers gem\u00e4\u00df<span>\u00a0<\/span><a href=\"http:\/\/dejure.org\/gesetze\/DSGVO\/6.html\" target=\"_blank\" title=\"Art. 6 DSGVO: Rechtm\u00e4\u00dfigkeit der Verarbeitung\" rel=\"noopener\">Art. 6 Abs. 1 lit. a DSGVO<\/a><span>\u00a0<\/span>gegen\u00fcber dem Plattformbetreiber sein. Die Einwilligung hierzu kann der Nutzer nach<span>\u00a0<\/span><a href=\"http:\/\/dejure.org\/gesetze\/DSGVO\/7.html\" target=\"_blank\" title=\"Art. 7 DSGVO: Bedingungen f\u00fcr die Einwilligung\" rel=\"noopener\">Art. 7 Abs. 3 DSGVO<\/a><span>\u00a0<\/span>jederzeit durch eine Mitteilung an den Plattformbetreiber f\u00fcr die Zukunft widerrufen.<\/p>\n<p>Bei dem Aufruf unseres Onlineauftritts auf der Plattform Facebook werden von der Meta Platforms Ireland Limited als Betreiberin der Plattform in der EU Daten des Nutzers (z.B. pers\u00f6nliche Informationen, IP-Adresse etc.) verarbeitet.<\/p>\n<p>Diese Daten des Nutzers dienen zu statistischen Informationen \u00fcber die Inanspruchnahme unserer Firmenpr\u00e4senz auf Facebook. Die Meta Platforms Ireland Limited nutzt diese Daten zu Marktforschungs- und Werbezwecken sowie zur Erstellung von Profilen der Nutzer. Anhand dieser Profile ist es der Meta Platforms Ireland Limited beispielsweise m\u00f6glich, die Nutzer innerhalb und au\u00dferhalb von Facebook interessenbezogen zu bewerben. Ist der Nutzer zum Zeitpunkt des Aufrufes in seinem Account auf Facebook eingeloggt, kann die Meta Platforms Ireland Limited zudem die Daten mit dem jeweiligen Nutzerkonto verkn\u00fcpfen.<\/p>\n<p>Im Falle einer Kontaktaufnahme des Nutzers \u00fcber Facebook werden die bei dieser Gelegenheit eingegebenen personenbezogenen Daten des Nutzers zur Bearbeitung der Anfrage genutzt. Die Daten des Nutzers werden bei uns gel\u00f6scht, sofern die Anfrage des Nutzers abschlie\u00dfend beantwortet wurde und keine gesetzlichen Aufbewahrungspflichten, wie z.B. bei einer anschlie\u00dfenden Vertragsabwicklung, entgegenstehen.<\/p>\n<p>Zur Verarbeitung der Daten werden von der Meta Platforms Ireland Limited ggf. auch Cookies gesetzt.<\/p>\n<p>Sollte der Nutzer mit dieser Verarbeitung nicht einverstanden sein, so besteht die M\u00f6glichkeit, die Installation der Cookies durch eine entsprechende Einstellung des Browsers zu verhindern. Bereits gespeicherte Cookies k\u00f6nnen ebenfalls jederzeit gel\u00f6scht werden. Die Einstellungen hierzu sind vom jeweiligen Browser abh\u00e4ngig. Bei Flash-Cookies l\u00e4sst sich die Verarbeitung nicht \u00fcber die Einstellungen des Browsers unterbinden, sondern durch die entsprechende Einstellung des Flash-Players. Sollte der Nutzer die Installation der Cookies verhindern oder einschr\u00e4nken, kann dies dazu f\u00fchren, dass nicht s\u00e4mtliche Funktionen von Facebook vollumf\u00e4nglich nutzbar sind.<\/p>\n<p>N\u00e4heres zu den Verarbeitungst\u00e4tigkeiten, deren Unterbindung und zur L\u00f6schung der von Facebook verarbeiteten Daten finden sich in der Datenrichtlinie von Facebook:<\/p>\n<p><a href=\"https:\/\/www.facebook.com\/privacy\/explanation\" rel=\"nofollow noopener\" target=\"_blank\">https:\/\/www.facebook.com\/privacy\/explanation<\/a><\/p>\n<p>Es ist nicht ausgeschlossen, dass die Verarbeitung durch die Meta Platforms Ireland Limited auch \u00fcber die Meta Platforms, Inc., 1601 Willow Road, Menlo Park, California 94025 in den USA erfolgt.<\/p>\n<p class=\"jet-listing-dynamic-field__content\"><strong>Instagram<\/strong><\/p>\n<p>Zur Bewerbung unserer Produkte und Leistungen sowie zur Kommunikation mit Interessenten oder Kunden betreiben wir eine Firmenpr\u00e4senz auf der Plattform Instagram.<\/p>\n<p>Auf dieser Social-Media-Plattform sind wir gemeinsam mit der Meta Platforms Ireland Limited, 4 Grand Canal Square, Dublin 2, Irland, verantwortlich.<\/p>\n<p>Der Datenschutzbeauftragte von Instagram kann \u00fcber ein Kontaktformular erreicht werden:<\/p>\n<p><a href=\"https:\/\/www.facebook.com\/help\/contact\/540977946302970\" rel=\"nofollow noopener\" target=\"_blank\">https:\/\/www.facebook.com\/help\/contact\/540977946302970<\/a><\/p>\n<p>Die gemeinsame Verantwortlichkeit haben wir in einer Vereinbarung bez\u00fcglich der jeweiligen Verpflichtungen im Sinne der DSGVO geregelt. Diese Vereinbarung, aus der sich die gegenseitigen Verpflichtungen ergeben, ist unter dem folgenden Link abrufbar:<\/p>\n<p><a href=\"https:\/\/www.facebook.com\/legal\/terms\/page_controller_addendum\" rel=\"nofollow noopener\" target=\"_blank\">https:\/\/www.facebook.com\/legal\/terms\/page_controller_addendum<\/a><\/p>\n<p>Rechtsgrundlage f\u00fcr die dadurch erfolgende und nachfolgend wiedergegebene Verarbeitung von personenbezogenen Daten ist<span>\u00a0<\/span><a href=\"http:\/\/dejure.org\/gesetze\/DSGVO\/6.html\" target=\"_blank\" title=\"Art. 6 DSGVO: Rechtm\u00e4\u00dfigkeit der Verarbeitung\" rel=\"noopener\">Art. 6 Abs. 1 lit. f DSGVO<\/a>. Unser berechtigtes Interesse besteht an der Analyse, der Kommunikation sowie dem Absatz und der Bewerbung unserer Produkte und Leistungen.<\/p>\n<p>Rechtsgrundlage kann auch eine Einwilligung des Nutzers gem\u00e4\u00df<span>\u00a0<\/span><a href=\"http:\/\/dejure.org\/gesetze\/DSGVO\/6.html\" target=\"_blank\" title=\"Art. 6 DSGVO: Rechtm\u00e4\u00dfigkeit der Verarbeitung\" rel=\"noopener\">Art. 6 Abs. 1 lit. a DSGVO<\/a><span>\u00a0<\/span>gegen\u00fcber dem Plattformbetreiber sein. Die Einwilligung hierzu kann der Nutzer nach<span>\u00a0<\/span><a href=\"http:\/\/dejure.org\/gesetze\/DSGVO\/7.html\" target=\"_blank\" title=\"Art. 7 DSGVO: Bedingungen f\u00fcr die Einwilligung\" rel=\"noopener\">Art. 7 Abs. 3 DSGVO<\/a><span>\u00a0<\/span>jederzeit durch eine Mitteilung an den Plattformbetreiber f\u00fcr die Zukunft widerrufen.<\/p>\n<p>Bei dem Aufruf unseres Onlineauftritts auf der Plattform Instagram werden von der Meta Platforms Ireland Limited als Betreiberin der Plattform in der EU Daten des Nutzers (z.B. pers\u00f6nliche Informationen, IP-Adresse etc.) verarbeitet.<\/p>\n<p>Diese Daten des Nutzers dienen zu statistischen Informationen \u00fcber die Inanspruchnahme unserer Firmenpr\u00e4senz auf Instagram. Die Meta Platforms Ireland Limited nutzt diese Daten zu Marktforschungs- und Werbezwecken sowie zur Erstellung von Profilen der Nutzer. Anhand dieser Profile ist es der Meta Platforms Ireland Limited beispielsweise m\u00f6glich, die Nutzer innerhalb und au\u00dferhalb von Instagram interessenbezogen zu bewerben. Ist der Nutzer zum Zeitpunkt des Aufrufes in seinem Account auf Instagram eingeloggt, kann die Meta Platforms Ireland Limited zudem die Daten mit dem jeweiligen Nutzerkonto verkn\u00fcpfen.<\/p>\n<p>Im Falle einer Kontaktaufnahme des Nutzers \u00fcber Instagram werden die bei dieser Gelegenheit eingegebenen personenbezogenen Daten des Nutzers zur Bearbeitung der Anfrage genutzt. Die Daten des Nutzers werden bei uns gel\u00f6scht, sofern die Anfrage des Nutzers abschlie\u00dfend beantwortet wurde und keine gesetzlichen Aufbewahrungspflichten, wie z.B. bei einer anschlie\u00dfenden Vertragsabwicklung, entgegenstehen.<\/p>\n<p>Zur Verarbeitung der Daten werden von der Meta Platforms Ireland Limited ggf. auch Cookies gesetzt.<\/p>\n<p>Sollte der Nutzer mit dieser Verarbeitung nicht einverstanden sein, so besteht die M\u00f6glichkeit, die Installation der Cookies durch eine entsprechende Einstellung des Browsers zu verhindern. Bereits gespeicherte Cookies k\u00f6nnen ebenfalls jederzeit gel\u00f6scht werden. Die Einstellungen hierzu sind vom jeweiligen Browser abh\u00e4ngig. Bei Flash-Cookies l\u00e4sst sich die Verarbeitung nicht \u00fcber die Einstellungen des Browsers unterbinden, sondern durch die entsprechende Einstellung des Flash-Players. Sollte der Nutzer die Installation der Cookies verhindern oder einschr\u00e4nken, kann dies dazu f\u00fchren, dass nicht s\u00e4mtliche Funktionen von Facebook vollumf\u00e4nglich nutzbar sind.<\/p>\n<p>N\u00e4heres zu den Verarbeitungst\u00e4tigkeiten, deren Unterbindung und zur L\u00f6schung der von Instagram verarbeiteten Daten finden sich in der Datenrichtlinie von Instagram:<\/p>\n<p><a href=\"https:\/\/help.instagram.com\/519522125107875\" rel=\"nofollow noopener\" target=\"_blank\">https:\/\/help.instagram.com\/519522125107875<\/a><\/p>\n<p>Es ist nicht ausgeschlossen, dass die Verarbeitung durch die Meta Platforms Ireland Limited auch \u00fcber die Meta Platforms, Inc., 1601 Willow Road, Menlo Park, California 94025 in den USA erfolgt.<\/p>\n<p class=\"jet-listing-dynamic-field__content\">Allgemeine Verlinkung auf Profile bei Drittanbietern<\/p>\n<p>Der Anbieter setzt auf der Website eine Verlinkung auf die nachstehend aufgef\u00fchrten sozialen Netzwerke ein.<\/p>\n<p>Rechtsgrundlage ist hierbei<span>\u00a0<\/span><a href=\"http:\/\/dejure.org\/gesetze\/DSGVO\/6.html\" target=\"_blank\" title=\"Art. 6 DSGVO: Rechtm\u00e4\u00dfigkeit der Verarbeitung\" rel=\"noopener\">Art. 6 Abs. 1 lit. f DSGVO<\/a>. Das berechtigte Interesse des Anbieters besteht an der Verbesserung der Nutzungsqualit\u00e4t der Website.<\/p>\n<p>Die Einbindung der Plugins erfolgt dabei \u00fcber eine verlinkte Grafik. Erst durch einen Klick auf die entsprechende Grafik wird der Nutzer zu dem Dienst des jeweiligen sozialen Netzwerks weitergeleitet.<\/p>\n<p>Nach der Weiterleitung des Kunden werden durch das jeweilige Netzwerk Informationen \u00fcber den Nutzer erfasst. Dies sind zun\u00e4chst Daten wie IP-Adresse, Datum, Uhrzeit und besuchte Seite. Ist der Nutzer w\u00e4hrenddessen in seinem Benutzerkonto des jeweiligen Netzwerks eingeloggt, kann der Netzwerk-Betreiber ggf. die gesammelten Informationen des konkreten Besuches des Nutzers dem pers\u00f6nlichen Account des Nutzers zuordnen. Interagiert der Nutzer \u00fcber einen \u201eTeilen\u201c-Button des jeweiligen Netzwerks, k\u00f6nnen diese Informationen in dem pers\u00f6nlichen Benutzerkonto des Nutzers gespeichert und ggf. ver\u00f6ffentlicht werden. Will der Nutzer verhindern, dass die gesammelten Informationen unmittelbar seinem Benutzerkonto zugeordnet werden, muss sich der Nutzer vor dem Anklicken der Grafik ausloggen. Zudem besteht die M\u00f6glichkeit, das jeweilige Benutzerkonto entsprechend zu konfigurieren.<\/p>\n<p>Folgende soziale Netzwerke sind vom Anbieter verlinkt:<\/p>\n<p class=\"jet-listing-dynamic-field__content\"><strong>facebook<\/strong><\/p>\n<p>Meta Platforms Ireland Limited, 4 Grand Canal Square, Dublin 2, Irland.<\/p>\n<p>Datenschutzerkl\u00e4rung:\u00a0<a href=\"https:\/\/www.facebook.com\/policy.php\" rel=\"nofollow noopener\" target=\"_blank\">https:\/\/www.facebook.com\/policy.php<\/a><\/p>\n<p class=\"jet-listing-dynamic-field__content\"><strong>Instagram<\/strong><\/p>\n<p>Meta Platforms Ireland Limited, 4 Grand Canal Square, Dublin 2, Irland.<\/p>\n<p>Datenschutzerkl\u00e4rung:\u00a0<a href=\"https:\/\/help.instagram.com\/519522125107875\" rel=\"nofollow noopener\" target=\"_blank\">https:\/\/help.instagram.com\/519522125107875<\/a><\/p>\n<p class=\"jet-listing-dynamic-field__content\"><strong>Google Analytics<\/strong><\/p>\n<p>Wir nutzen auf unserer Webseite Google Analytics, einen Webanalysedienst der Firma Google Ireland Limited, Gordon House, Barrow Street, Dublin 4, Irland, einem Tochterunternehmen der Google LLC, 1600 Amphitheatre Parkway, Mountain View, CA 94043 USA, nachfolgend \u201eGoogle\u201c.<\/p>\n<p>Google Analytics hilft uns dabei, die Nutzung der Website zu analysieren und die Effektivit\u00e4t unserer Marketing-Kampagnen zu messen. Rechtsgrundlage ist hierbei<span>\u00a0<\/span><a href=\"http:\/\/dejure.org\/gesetze\/DSGVO\/6.html\" target=\"_blank\" title=\"Art. 6 DSGVO: Rechtm\u00e4\u00dfigkeit der Verarbeitung\" rel=\"noopener\">Art. 6 Abs. 1 lit. a DSGVO<\/a>. Der Nutzer kann seine Einwilligung zur Nutzung von Google Analytics gem\u00e4\u00df<span>\u00a0<\/span><a href=\"http:\/\/dejure.org\/gesetze\/DSGVO\/7.html\" target=\"_blank\" title=\"Art. 7 DSGVO: Bedingungen f\u00fcr die Einwilligung\" rel=\"noopener\">Art. 7 Abs. 3 DSGVO<\/a><span>\u00a0<\/span>jederzeit \u00fcber die \u201eCookie-Einstellungen\u201c unserer Webseite f\u00fcr die Zukunft widerrufen.<\/p>\n<p>Informationen wie Zeit, Ort und H\u00e4ufigkeit der Webseitenbesuche sowie Interaktionen mit der Webseite (z. B. Klickpfade, gesehene\/angeklickte Anzeigen, Klicks auf Links) einschlie\u00dflich der IP-Adresse des Nutzers werden an einen Server von Google in den USA \u00fcbertragen und dort l\u00e4ngstens f\u00fcr 2 Monate gespeichert.<\/p>\n<p>Google LLC ist Teil des \u201eData Privacy Framework\u201c, f\u00fcr das die EU-Kommission einen Angemessenheitsbeschluss gem\u00e4\u00df<span>\u00a0<\/span><a href=\"http:\/\/dejure.org\/gesetze\/DSGVO\/45.html\" target=\"_blank\" title=\"Art. 45 DSGVO: Daten\u00fcbermittlung auf der Grundlage eines Angemessenheitsbeschlusses\" rel=\"noopener\">Art. 45 DSGVO<\/a><span>\u00a0<\/span>erlassen hat:<\/p>\n<p><a href=\"https:\/\/www.dataprivacyframework.gov\/list\" rel=\"nofollow noopener\" target=\"_blank\">https:\/\/www.dataprivacyframework.gov\/list<\/a><\/p>\n<p>Google erfasst zudem \u201edemografische Merkmale\u201c und kann Statistiken erstellen, die Aussagen \u00fcber Alter, Geschlecht und Interessen der Seitenbesucher erm\u00f6glichen. Dies erfolgt durch die automatisierte Analyse von Werbung und Informationen von Drittanbietern.<\/p>\n<p>Falls der Nutzer in seinem Google-Konto personalisierte Anzeigen aktiviert hat und Google Analytics zustimmt, kann Google das Nutzungsverhalten ger\u00e4te\u00fcbergreifend analysieren \u2013 also bezogen auf alle Ger\u00e4te, die der Nutzer mit seinem Google-Konto verkn\u00fcpft hat. Google erstellt dabei Modelle zu ger\u00e4te\u00fcbergreifenden Conversions; uns werden hierzu nur anonyme Statistiken \u00fcbermittelt, keine personenbezogenen Daten.<\/p>\n<p>M\u00f6chte der Nutzer diese ger\u00e4te\u00fcbergreifende Analyse deaktivieren, kann er die Funktion \u201ePersonalisierte Werbung\u201c in den Einstellungen seines Google-Kontos unter folgendem Link ausschalten:<\/p>\n<p><a href=\"https:\/\/support.google.com\/ads\/answer\/2662922?hl=de\" rel=\"nofollow noopener\" target=\"_blank\">https:\/\/support.google.com\/ads\/answer\/2662922?hl=de<\/a><\/p>\n<p>Wir setzen Google Analytics mit einer Anonymisierungsfunktion ein. Dadurch wird die IP-Adresse des Nutzers von Google innerhalb der EU-Mitgliedstaaten oder in anderen Vertragsstaaten des EWR-Abkommens gek\u00fcrzt.<\/p>\n<p>Google verwendet die erhobenen Daten, um den Webseitenbesuch des Nutzers auszuwerten und f\u00fcr uns Berichte \u00fcber die Websiteaktivit\u00e4ten zusammenzustellen. Die Daten werden au\u00dferdem genutzt, um weitere Dienstleistungen im Zusammenhang mit der Website- und Internetnutzung zu erbringen. Google kann diese Informationen gegebenenfalls an Dritte weitergeben, sofern gesetzlich erforderlich oder wenn Dritte diese Daten im Auftrag von Google verarbeiten.<\/p>\n<p>Laut eigenen Angaben wird Google in keinem Fall die IP-Adresse des Nutzers mit anderen Daten von Google verkn\u00fcpfen. Weiterf\u00fchrende Informationen und M\u00f6glichkeiten zur Unterbindung der Datennutzung bietet Google hier:<\/p>\n<p><a href=\"https:\/\/www.google.com\/intl\/de\/policies\/privacy\/partners\" rel=\"nofollow noopener\" target=\"_blank\">https:\/\/www.google.com\/intl\/de\/policies\/privacy\/partners<\/a><\/p>\n<p>Falls der Nutzer mit der Erfassung nicht einverstanden ist, kann er diese auch durch die einmalige Installation des Browser-Add-ons zur Deaktivierung von Google Analytics unterbinden.<\/p>\n<p class=\"jet-listing-dynamic-field__content\"><strong>Google Fonts<\/strong><\/p>\n<p>In unserem Internetauftritt setzen wir Google Fonts zur Darstellung externer Schriftarten ein. Es handelt sich hierbei um einen Dienst der Google Ireland Limited, Gordon House, Barrow Street, Dublin 4, Irland, nachfolgend nur \u201eGoogle\u201c genannt.<\/p>\n<p>Um die Darstellung bestimmter Schriften in unserem Internetauftritt zu erm\u00f6glichen, wird bei Aufruf unseres Internetauftritts eine Verbindung zu dem Google-Server in den USA aufgebaut.<\/p>\n<p>Rechtsgrundlage ist<span>\u00a0<\/span><a href=\"http:\/\/dejure.org\/gesetze\/DSGVO\/6.html\" target=\"_blank\" title=\"Art. 6 DSGVO: Rechtm\u00e4\u00dfigkeit der Verarbeitung\" rel=\"noopener\">Art. 6 Abs. 1 lit. f) DSGVO<\/a>. Unser berechtigtes Interesse liegt in der Optimierung und dem wirtschaftlichen Betrieb unseres Internetauftritts.<\/p>\n<p>Durch die bei Aufruf unseres Internetauftritts hergestellte Verbindung zu Google kann Google ermitteln, von welcher Website Ihre Anfrage gesendet worden ist und an welche IP-Adresse die Darstellung der Schrift zu \u00fcbermitteln ist.<\/p>\n<p>Google bietet unter<\/p>\n<p><a href=\"https:\/\/adssettings.google.com\/authenticated\" target=\"_blank\" rel=\"noopener nofollow\">https:\/\/adssettings.google.com\/authenticated<\/a><\/p>\n<p><a href=\"https:\/\/policies.google.com\/privacy\" target=\"_blank\" rel=\"noopener nofollow\">https:\/\/policies.google.com\/privacy<\/a><\/p>\n<p>weitere Informationen an und zwar insbesondere zu den M\u00f6glichkeiten der Unterbindung der Datennutzung.<\/p>\n<p><a href=\"https:\/\/www.xn--generator-datenschutzerklrung-pqc.de\/\" target=\"_blank\" rel=\"noopener\">Muster-Datenschutzerkl\u00e4rung<\/a><span>\u00a0<\/span>der<span>\u00a0<\/span><a href=\"https:\/\/www.xn--bewertung-lschen24-n3b.de\/\" rel=\"nofollow noopener\" target=\"_blank\">Anwaltskanzlei Wei\u00df &amp; Partner<\/a><\/p>\n<p>[\/et_pb_text][\/et_pb_column][\/et_pb_row][\/et_pb_section]<\/p>\n","protected":false},"excerpt":{"rendered":"<p>[et_pb_section fb_built=&#8220;1&#8243; _builder_version=&#8220;3.22&#8243; custom_padding=&#8220;||0px|||&#8220;][et_pb_row _builder_version=&#8220;3.25&#8243; background_size=&#8220;initial&#8220; background_position=&#8220;top_left&#8220; background_repeat=&#8220;repeat&#8220; custom_padding=&#8220;||26px|||&#8220;][et_pb_column type=&#8220;4_4&#8243; _builder_version=&#8220;3.25&#8243; custom_padding=&#8220;|||&#8220; custom_padding__hover=&#8220;|||&#8220;][et_pb_text _builder_version=&#8220;4.6.6&#8243; _module_preset=&#8220;default&#8220; text_text_color=&#8220;#000000&#8243; text_font_size=&#8220;12px&#8220; text_line_height=&#8220;1.2em&#8220; hover_enabled=&#8220;0&#8243; sticky_enabled=&#8220;0&#8243; custom_padding=&#8220;0px|2px||||&#8220;] Datenschutzerkl\u00e4rung Personenbezogene Daten (nachfolgend zumeist nur \u201eDaten\u201c genannt) werden von uns nur im Rahmen der Erforderlichkeit sowie zum Zwecke der Bereitstellung eines funktionsf\u00e4higen und nutzerfreundlichen Internetauftritts, inklusive seiner Inhalte und der dort angebotenen Leistungen, [&hellip;]<\/p>\n","protected":false},"author":6,"featured_media":0,"parent":3667,"menu_order":2,"comment_status":"closed","ping_status":"closed","template":"","meta":{"_et_pb_use_builder":"on","_et_pb_old_content":"<!-- wp:paragraph -->\r\n<p><strong>Datenschutz<\/strong><\/p>\r\n<!-- \/wp:paragraph -->\r\n\r\n<!-- wp:list -->\r\n<ul><li><a href=\"https:\/\/www.fanprojekt-nuernberg.de\/datenschutz\/#datenschutz\">Generelles zum Datenschutz<\/a><\/li><li><a href=\"https:\/\/www.fanprojekt-nuernberg.de\/datenschutz\/#googleAnalyitcs\">Nutzung von Google Analytics<\/a><\/li><li><a href=\"https:\/\/www.fanprojekt-nuernberg.de\/datenschutz\/#GoogleMaps\">Verwendung von GoogleMaps\u2122<\/a><\/li><li><a href=\"https:\/\/www.fanprojekt-nuernberg.de\/datenschutz\/#Auskunft\">Auskunft, L\u00f6schung, Sperrung<\/a><\/li><li><a href=\"https:\/\/www.fanprojekt-nuernberg.de\/datenschutz\/#LogFiles\">Server-Log-Files<\/a><\/li><li><a href=\"https:\/\/www.fanprojekt-nuernberg.de\/datenschutz\/#Kontaktformular\">Kontaktformular<\/a><\/li><li><a href=\"https:\/\/www.fanprojekt-nuernberg.de\/datenschutz\/#Widerspruch\">Widerspruch Werbe-Mails<\/a><\/li><li><a href=\"https:\/\/www.fanprojekt-nuernberg.de\/datenschutz\/#MobileGeraete\">Mobile Ger\u00e4te<\/a><\/li><\/ul>\r\n<!-- \/wp:list -->\r\n\r\n<!-- wp:paragraph -->\r\n<p><strong>Datenschutz<\/strong><\/p>\r\n<!-- \/wp:paragraph -->\r\n\r\n<!-- wp:paragraph -->\r\n<p>Die Betreiber dieser Seiten nehmen den Schutz Ihrer pers\u00f6nlichen \r\nDaten sehr ernst. Wir behandeln Ihre personenbezogenen Daten vertraulich\r\n und entsprechend der gesetzlichen Datenschutzvorschriften sowie dieser \r\nDatenschutzerkl\u00e4rung. Die Nutzung unserer Webseite ist in der Regel ohne\r\n Angabe personenbezogener Daten m\u00f6glich. Soweit auf unseren Seiten \r\npersonenbezogene Daten (beispielsweise Name, Anschrift oder \r\nE-Mail-Adressen) erhoben werden, erfolgt dies, soweit m\u00f6glich, stets auf\r\n freiwilliger Basis. Diese Daten werden ohne Ihre ausdr\u00fcckliche \r\nZustimmung nicht an Dritte weitergegeben. Wir weisen darauf hin, dass \r\ndie Daten\u00fcbertragung im Internet (z.B. bei der Kommunikation per E-Mail)\r\n Sicherheitsl\u00fccken aufweisen kann. Ein l\u00fcckenloser Schutz der Daten vor \r\ndem Zugriff durch Dritte ist nicht m\u00f6glich.<\/p>\r\n<!-- \/wp:paragraph -->\r\n\r\n<!-- wp:paragraph -->\r\n<p><strong>Datenschutzerkl\u00e4rung f\u00fcr die Nutzung von Google Analytics<\/strong><\/p>\r\n<!-- \/wp:paragraph -->\r\n\r\n<!-- wp:paragraph -->\r\n<p>Diese Website nutzt Funktionen des Webanalysedienstes Google \r\nAnalytics. Anbieter ist die Google Inc., 1600 Amphitheatre Parkway \r\nMountain View, CA 94043, USA. Google Analytics verwendet sog. \u201eCookies\u201c.\r\n Das sind Textdateien, die auf Ihrem Computer gespeichert werden und die\r\n eine Analyse der Benutzung der Website durch Sie erm\u00f6glichen. Die durch\r\n den Cookie erzeugten Informationen \u00fcber Ihre Benutzung dieser Website \r\nwerden in der Regel an einen Server von Google in den USA \u00fcbertragen und\r\n dort gespeichert. Im Falle der Aktivierung der IP-Anonymisierung auf \r\ndieser Webseite wird Ihre IP-Adresse von Google jedoch innerhalb von \r\nMitgliedstaaten der Europ\u00e4ischen Union oder in anderen Vertragsstaaten \r\ndes Abkommens \u00fcber den Europ\u00e4ischen Wirtschaftsraum zuvor gek\u00fcrzt. Nur \r\nin Ausnahmef\u00e4llen wird die volle IP-Adresse an einen Server von Google \r\nin den USA \u00fcbertragen und dort gek\u00fcrzt. Im Auftrag des Betreibers dieser\r\n Website wird Google diese Informationen benutzen, um Ihre Nutzung der \r\nWebsite auszuwerten, um Reports \u00fcber die Websiteaktivit\u00e4ten \r\nzusammenzustellen und um weitere mit der Websitenutzung und der \r\nInternetnutzung verbundene Dienstleistungen gegen\u00fcber dem \r\nWebsitebetreiber zu erbringen.<\/p>\r\n<!-- \/wp:paragraph -->\r\n\r\n<!-- wp:paragraph -->\r\n<p>Die im Rahmen von Google Analytics von Ihrem Browser \u00fcbermittelte \r\nIP-Adresse wird nicht mit anderen Daten von Google zusammengef\u00fchrt. Sie \r\nk\u00f6nnen die Speicherung der Cookies durch eine entsprechende Einstellung \r\nIhrer Browser-Software verhindern; wir weisen Sie jedoch darauf hin, \r\ndass Sie in diesem Fall gegebenenfalls nicht s\u00e4mtliche Funktionen dieser\r\n Website vollumf\u00e4nglich werden nutzen k\u00f6nnen. Sie k\u00f6nnen dar\u00fcber hinaus \r\ndie Erfassung der durch das Cookie erzeugten und auf Ihre Nutzung der \r\nWebsite bezogenen Daten (inkl. Ihrer IP-Adresse) an Google sowie die \r\nVerarbeitung dieser Daten durch Google verhindern, indem sie das unter \r\ndem folgenden Link verf\u00fcgbare Browser-Plugin herunterladen und \r\ninstallieren: <a href=\"http:\/\/tools.google.com\/dlpage\/gaoptout?hl=de\" target=\"_blank\" rel=\"noreferrer noopener\">http:\/\/tools.google.com\/dlpage\/gaoptout?hl=de<\/a>\r\n Sie k\u00f6nnen die Erfassung durch Google Analytics verhindern, indem Sie \r\nauf folgenden Link klicken. Es wird ein Opt-Out-Cookie gesetzt, das das \r\nErfassung Ihrer Daten bei zuk\u00fcnftigen Besuchen dieser Website \r\nverhindert: <a href=\"javascript:gaOptout()\">Google Analytics deaktivieren<\/a><\/p>\r\n<!-- \/wp:paragraph -->\r\n\r\n<!-- wp:paragraph -->\r\n<p><strong>Verwendung von GoogleMaps\u2122<\/strong><\/p>\r\n<!-- \/wp:paragraph -->\r\n\r\n<!-- wp:paragraph -->\r\n<p>Diese Website benutzt Google Maps zur Darstellung von Landkarten und \r\nSatellitenbilder. Die Landkarten und Satellitenbilder sind eine \r\nDienstleistung der Firma Google Inc., 1600 Amphitheatre Parkway, \r\nMountain View, CA 94043, USA; im weiteren Google genannt.<\/p>\r\n<!-- \/wp:paragraph -->\r\n\r\n<!-- wp:paragraph -->\r\n<p>Bei jedem Aufruf einer unserer Webseiten, welche eine solche \r\nLandkarte enth\u00e4lt, werden Daten von den Webservern von Google geladen, \r\ndie das optische Erscheinungsbild und die Funktionalit\u00e4t der Landkarte \r\nauf unseren Webseiten herstellen. Dabei werden von Ihrem Browser auch \r\nDaten an Google \u00fcbermittelt und dort gespeichert und verarbeitet.<\/p>\r\n<!-- \/wp:paragraph -->\r\n\r\n<!-- wp:paragraph -->\r\n<p>Informationen zur Erhebung und Nutzung der \u00fcbermittelten Daten k\u00f6nnen Sie auf der <a href=\"http:\/\/www.google.com\/intl\/de\/privacy\/privacy-policy.html\" target=\"_blank\" rel=\"noreferrer noopener\">Google-Website<\/a> einsehen.<\/p>\r\n<!-- \/wp:paragraph -->\r\n\r\n<!-- wp:paragraph -->\r\n<p><strong>Auskunft, L\u00f6schung, Sperrung<\/strong><\/p>\r\n<!-- \/wp:paragraph -->\r\n\r\n<!-- wp:paragraph -->\r\n<p>Sie haben jederzeit das Recht auf unentgeltliche Auskunft \u00fcber Ihre \r\ngespeicherten personenbezogenen Daten, deren Herkunft und Empf\u00e4nger und \r\nden Zweck der Datenverarbeitung sowie ein Recht auf Berichtigung, \r\nSperrung oder L\u00f6schung dieser Daten. Hierzu sowie zu weiteren Fragen zum\r\n Thema personenbezogene Daten k\u00f6nnen Sie sich jederzeit unter der im \r\nImpressum angegebenen Adresse an uns wenden.<\/p>\r\n<!-- \/wp:paragraph -->\r\n\r\n<!-- wp:paragraph -->\r\n<p><strong>Server-Log-Files<\/strong><\/p>\r\n<!-- \/wp:paragraph -->\r\n\r\n<!-- wp:paragraph -->\r\n<p>Der Provider der Seiten erhebt und speichert automatisch \r\nInformationen in so genannten Server-Log Files, die Ihr Browser \r\nautomatisch an uns \u00fcbermittelt. Dies sind:<\/p>\r\n<!-- \/wp:paragraph -->\r\n\r\n<!-- wp:list -->\r\n<ul><li>Browsertyp\/ Browserversion<\/li><li>verwendetes Betriebssystem<\/li><li>Referrer URL<\/li><li>Hostname des zugreifenden Rechners<\/li><li>Uhrzeit der Serveranfrage<\/li><\/ul>\r\n<!-- \/wp:list -->\r\n\r\n<!-- wp:paragraph -->\r\n<p>Diese Daten sind nicht bestimmten Personen zuordenbar. Eine \r\nZusammenf\u00fchrung dieser Daten mit anderen Datenquellen wird nicht \r\nvorgenommen. Wir behalten uns vor, diese Daten nachtr\u00e4glich zu pr\u00fcfen, \r\nwenn uns konkrete Anhaltspunkte f\u00fcr eine rechtswidrige Nutzung bekannt \r\nwerden.<\/p>\r\n<!-- \/wp:paragraph -->\r\n\r\n<!-- wp:paragraph -->\r\n<p><strong>Kontaktformular<\/strong><br>Wenn Sie \r\nuns per Kontaktformular Anfragen zukommen lassen, werden Ihre  Angaben \r\naus dem Anfrageformular inklusive der von Ihnen dort angegebenen  \r\nKontaktdaten zwecks Bearbeitung der Anfrage und f\u00fcr den Fall von  \r\nAnschlussfragen bei uns gespeichert. Diese Daten geben wir nicht ohne  \r\nIhre Einwilligung weiter.<\/p>\r\n<!-- \/wp:paragraph -->\r\n\r\n<!-- wp:paragraph -->\r\n<p><strong>Widerspruch Werbe-Mails<\/strong><br>Der\r\n Nutzung von im Rahmen der Impressumspflicht ver\u00f6ffentlichten  \r\nKontaktdaten zur \u00fcbersendung von nicht ausdr\u00fccklich angeforderter  \r\nWerbung und Informationsmaterialien wird hiermit widersprochen. Die  \r\nBetreiber der Seiten behalten sich ausdr\u00fccklich rechtliche Schritte im  \r\nFalle der unverlangten Zusendung von Werbeinformationen, etwa durch  \r\nSpam-E-Mails, vor.<\/p>\r\n<!-- \/wp:paragraph -->\r\n\r\n<!-- wp:paragraph -->\r\n<p><strong>Mobile Ger\u00e4te<\/strong><br>Die Bestimmungen dieser Datenschutzerkl\u00e4rung gelten auch f\u00fcr den mobilen Zugriff und die Nutzung mobiler Ger\u00e4te.<\/p>\r\n<!-- \/wp:paragraph -->","_et_gb_content_width":"","footnotes":""},"class_list":["post-3883","page","type-page","status-publish","hentry"],"_links":{"self":[{"href":"https:\/\/www.fanprojekt-nuernberg.de\/index.php?rest_route=\/wp\/v2\/pages\/3883","targetHints":{"allow":["GET"]}}],"collection":[{"href":"https:\/\/www.fanprojekt-nuernberg.de\/index.php?rest_route=\/wp\/v2\/pages"}],"about":[{"href":"https:\/\/www.fanprojekt-nuernberg.de\/index.php?rest_route=\/wp\/v2\/types\/page"}],"author":[{"embeddable":true,"href":"https:\/\/www.fanprojekt-nuernberg.de\/index.php?rest_route=\/wp\/v2\/users\/6"}],"replies":[{"embeddable":true,"href":"https:\/\/www.fanprojekt-nuernberg.de\/index.php?rest_route=%2Fwp%2Fv2%2Fcomments&post=3883"}],"version-history":[{"count":6,"href":"https:\/\/www.fanprojekt-nuernberg.de\/index.php?rest_route=\/wp\/v2\/pages\/3883\/revisions"}],"predecessor-version":[{"id":6347,"href":"https:\/\/www.fanprojekt-nuernberg.de\/index.php?rest_route=\/wp\/v2\/pages\/3883\/revisions\/6347"}],"up":[{"embeddable":true,"href":"https:\/\/www.fanprojekt-nuernberg.de\/index.php?rest_route=\/wp\/v2\/pages\/3667"}],"wp:attachment":[{"href":"https:\/\/www.fanprojekt-nuernberg.de\/index.php?rest_route=%2Fwp%2Fv2%2Fmedia&parent=3883"}],"curies":[{"name":"wp","href":"https:\/\/api.w.org\/{rel}","templated":true}]}}